{"id":5,"date":"2007-10-24T22:38:15","date_gmt":"2007-10-24T20:38:15","guid":{"rendered":"http:\/\/www.olimpici.hu\/blog\/?page_id=5"},"modified":"2021-06-21T13:03:02","modified_gmt":"2021-06-21T11:03:02","slug":"5-2","status":"publish","type":"page","link":"https:\/\/www.olimpici.hu\/?page_id=5","title":{"rendered":"Versenylebonyol\u00edt\u00e1s"},"content":{"rendered":"<p class=\"page_subtitle\"><strong>AZ OLIMPICI VERSENYEK LEBONYOL\u00cdT\u00c1SI RENDJE<\/strong><\/p>\n<p><strong>Korcsoportok (a 2020\/2021-es id\u00e9nyben)<\/strong><br \/>\n<span style=\"font-weight: normal;\">t\u00f6rpici: aktu\u00e1lis \u00e9v janu\u00e1r 1-je ut\u00e1n t\u00f6ltik be 10. \u00e9let\u00e9v\u00fcket.<br \/>\n(A <span style=\"color: #ff0000;\"><strong>2010<\/strong><\/span>.01.01. ut\u00e1n sz\u00fcletettek)<\/span><\/p>\n<p>gyermek: aktu\u00e1lis \u00e9v janu\u00e1r 1-je ut\u00e1n t\u00f6ltik be 11-12. \u00e9let\u00e9v\u00fcket.<br \/>\n(A<strong><span style=\"color: #ff0000;\"> 2008<\/span><\/strong>.01.01. \u00e9s 2008.12.31. k\u00f6z\u00f6tt sz\u00fcletettek)<\/p>\n<p>\u00fajonc: aktu\u00e1lis \u00e9v janu\u00e1r 1-je ut\u00e1n t\u00f6ltik be 13. \u00e9let\u00e9v\u00fcket.<br \/>\n(A <strong><span style=\"color: #ff0000;\">2007<\/span><\/strong>.01.01. ut\u00e1n sz\u00fcletettek \u2013 2008.12.31-ig)<\/p>\n<p>serd\u00fcl\u0151:&nbsp;aktu\u00e1lis \u00e9v janu\u00e1r 1-je ut\u00e1n t\u00f6ltik be 14. \u00e9let\u00e9v\u00fcket.<br \/>\n(A <span style=\"color: #ff0000;\"><strong>2006<\/strong><\/span>.01.01. ut\u00e1n sz\u00fcletettek \u2013 2008.12.31-ig)<\/p>\n<p>Felfel\u00e9 versenyz\u00e9s a gyermek \u00e9s \u00fajonc versenyz\u0151knek lehets\u00e9ges, azonban a t\u00f6rpicik kiz\u00e1r\u00f3lag saj\u00e1t koroszt\u00e1lyukban l\u00e9phetnek p\u00e1stra.<\/p>\n<p><strong><br \/>\n\u00c1ltal\u00e1nos elvek a csoportok l\u00e9trehoz\u00e1s\u00e1ban<\/strong><\/p>\n<p>A csoportl\u00e9tsz\u00e1m meghat\u00e1roz\u00e1sa az indul\u00f3k l\u00e9tsz\u00e1m\u00e1t\u00f3l f\u00fcgg\u0151en alakul ki, \u00e9s azt minden esetben a DT hat\u00e1rozza meg a nevez\u00e9sek lez\u00e1r\u00e1s\u00e1t k\u00f6vet\u0151en.<br \/>\nEls\u0151sorban hat f\u0151s csoportok kialak\u00edt\u00e1s\u00e1ra t\u00f6reksz\u00fcnk, ez 12 p\u00e1st eset\u00e9n max. 72 indul\u00f3ig lehets\u00e9ges. Amennyiben az indul\u00f3k sz\u00e1ma meghaladja a 72-t, de nem t\u00f6bb mint 84, akkor h\u00e9t f\u0151s csoportokat hozunk l\u00e9tre.<\/p>\n<p>Ha egy adott l\u00e9tsz\u00e1m adja mag\u00e1t \u2013 pl. 60 indul\u00f3val \u2013 akkor egy\u00e9rtelm\u0171en 10 darab 6 f\u0151s csoportot hozunk l\u00e9tre. Az els\u0151 k\u00e9t fordul\u00f3ban mindig azonos sz\u00e1m\u00fa csoportot hozunk l\u00e9tre.<\/p>\n<h3><span style=\"color: #99cc00;\">T\u00f6rpici verseny<\/span><\/h3>\n<p>Kies\u0151 n\u00e9lk\u00fcli 2 csoportfordul\u00f3 (4 tal\u00e1lat,1x 2 perc, 6\u20137 f\u0151s csoportok)<br \/>\n\u00f6sszes\u00edtett ranglist\u00e1ja alapj\u00e1n 32-es t\u00e1bla (10 tal\u00e1lat, 2\u00d73 perc);<br \/>\na 33. helyt\u0151l helyoszt\u00f3k (4 tal\u00e1lat 1\u00d72 perc, 3\/4\/5 f\u0151s csoportok) a 3. fordul\u00f3ban.<\/p>\n<p>A t\u00f6rpik kiz\u00e1r\u00f3lag kisebb m\u00e9ret\u0171 peng\u00e9vel versenyezhetnek a 2011\/12-es id\u00e9nyt\u0151l:<br \/>\n* <span style=\"color: #ff0000;\"><strong>A t\u00f6rpi versenyz\u0151k csak null\u00e1s peng\u00e9vel, \u00e9s kis m\u00e9ret\u0171 kos\u00e1rral szerelt p\u00e1rbajt\u0151r\u00f6kkel versenyezhetnek.<\/strong><\/span><br \/>\nTerm\u00e9szetesen a fegyverek egy\u00e9b jellemz\u0151it &#8211; s\u00faly, r\u00e9s, a penge \u00edv\u00e9nek m\u00e9rt\u00e9ke &#8211; is ellen\u0151rzik a versenyb\u00edr\u00f3k.<\/p>\n<h4>A t\u00f6rpici versenyek id\u0151pontja:<br \/>\n<span style=\"font-weight: normal;\">(minden Olimpici versenyen, amennyiben ett\u0151l a versenyki\u00edr\u00e1s nem t\u00e9r el)<\/span><\/h4>\n<p>szombat 11.00 t\u00f6rpici fi\u00fa<br \/>\nvas\u00e1rnap 11.00 t\u00f6rpici le\u00e1ny<\/p>\n<h3><span style=\"color: #99cc00;\">Gyermek verseny<\/span><\/h3>\n<p>2 csoportfordul\u00f3, az els\u0151ben mindenki tov\u00e1bb jut, a m\u00e1sodikban a k\u00e9t csoport \u00f6sszes\u00edtett ranglist\u00e1ja alapj\u00e1n 128 tov\u00e1bbjut\u00f3,<br \/>\naz 1\u2013128. helyezettnek 128-as direkt t\u00e1bla 10 tal\u00e1latra (2\u00d73 perc);<br \/>\na 129-t\u0151l rangsorolt v\u00edv\u00f3k kiesnek.<\/p>\n<h4>A gyermek versenyek id\u0151pontja:<br \/>\n<span style=\"font-weight: normal;\">(minden Olimpici versenyen, amennyiben ett\u0151l a versenyki\u00edr\u00e1s nem t\u00e9r el)<\/span><\/h4>\n<p>p\u00e9ntek 11.00 gyermek fi\u00fa<br \/>\np\u00e9ntek 14.00 gyermek le\u00e1ny<\/p>\n<h3><span style=\"color: #99cc00;\">\u00dajonc verseny<\/span><\/h3>\n<p>Kies\u0151 n\u00e9lk\u00fcli 1 csoportfordul\u00f3 ranglist\u00e1ja alapj\u00e1n<br \/>\ndirekt t\u00e1bla 15 tal\u00e1latra (3\u00d73 perc).<\/p>\n<h4>Az \u00fajonc versenyek id\u0151pontja:<br \/>\n<span style=\"font-weight: normal;\">(minden Olimpici versenyen, amennyiben ett\u0151l a versenyki\u00edr\u00e1s nem t\u00e9r el)<\/span><\/h4>\n<p>szombat 9.00 \u00fajonc&nbsp;fi\u00fa<br \/>\nszombat 14.00 \u00fajonc le\u00e1ny<\/p>\n<h3><span style=\"color: #99cc00;\">Serd\u00fcl\u0151 verseny<\/span><\/h3>\n<p>1 csoportfordul\u00f3 ranglist\u00e1ja alapj\u00e1n 20% kies\u0151;<br \/>\ndirekt t\u00e1bla 15 tal\u00e1latra (3\u00d73 perc).<\/p>\n<h4>A serd\u00fcl\u0151 versenyek id\u0151pontja:<br \/>\n<span style=\"font-weight: normal;\">(minden Olimpici versenyen, amennyiben ett\u0151l a versenyki\u00edr\u00e1s nem t\u00e9r el)<\/span><\/h4>\n<p>vas\u00e1rnap 9.00 serd\u00fcl\u0151 fi\u00fa<br \/>\nvas\u00e1rnap 13.00 serd\u00fcl\u0151&nbsp;le\u00e1ny<\/p>\n<h3>Nevez\u00e9si d\u00edjak &amp; rendszer<\/h3>\n<p>Az egy\u00e9ni versenysz\u00e1mokban a nevez\u00e9si d\u00edj, a Magyar Bajnoks\u00e1got is bele\u00e9rtve: 2500 Ft\/f\u0151 minden versenysz\u00e1mra.<br \/>\nAz OB-n a csapatversenyeken a nevez\u00e9si d\u00edj: ____ Ft\/ csapat, az ind\u00edtott csapatok sz\u00e1m\u00e1t\u00f3l f\u00fcggetlen\u00fcl!<\/p>\n<p>Nevez\u00e9seket \u00e9rv\u00e9nyes\u00edteni csak teljesen kit\u00f6lt\u00f6tt, hivatalosan \u00e9rv\u00e9nyes\u00edtett sporttags\u00e1gi igazolv\u00e1nnyal lehet a helysz\u00ednen! A nevez\u00e9sek v\u00e9gleges lez\u00e1r\u00e1sa a versenysz\u00e1mok kezdete el\u0151tt 30 perccel t\u00f6rt\u00e9nik, \u00e9s minimum egy \u00f3r\u00e1val az adott versenysz\u00e1m el\u0151tt lehet megkezdeni.<\/p>\n<h3>B\u00edr\u00e1skod\u00e1s<\/h3>\n<p>Minden versenyid\u00e9nyben, az Olimpici Grand Prix-t rendez\u0151 klubok 1 f\u0151, lehet\u0151s\u00e9g eset\u00e9n 2 f\u0151 versenyb\u00edr\u00f3t biztos\u00edtanak t\u00e9r\u00edt\u00e9smentesen az \u00e9pp aktu\u00e1lisan versenyt lebonyol\u00edt\u00f3 klub sz\u00e1m\u00e1ra ( ez 5\u201310 f\u0151, a tov\u00e1bbi zs\u0171riket a rendez\u0151 klub biztos\u00edtja.) A f\u0151zs\u0171ri a verseny lebonyol\u00edt\u00e1sa sor\u00e1n arra t\u00f6rekszik, hogy klubt\u00e1rs ne vezessen assz\u00f3t, <strong>16-os t\u00e1bl\u00e1t\u00f3l klubt\u00e1rs abszol\u00fat nem vezethet assz\u00f3t.<\/strong><\/p>\n<p>\u2013 Az MVSZ \u00e1ltal kik\u00fcld\u00f6tt n\u00e9gy f\u0151 versenyb\u00edr\u00f3 vezeti a m\u00e9rk\u0151z\u00e9seket a 16-os t\u00e1bl\u00e1t\u00f3l.<\/p>\n<p>\u2013 Ezent\u00fal a k\u00fclf\u00f6ldi klubok, teh\u00e1t m\u00e1s nemzetek k\u00f6telesek egy f\u0151 versenyb\u00edr\u00f3t biztos\u00edtani, amennyiben n\u00e9gy, vagy t\u00f6bb: 4\u20138 f\u0151 versenyz\u0151t neveznek egy versenysz\u00e1mban, k\u00e9t f\u0151 versenyb\u00edr\u00f3t, amennyiben 9 f\u0151, vagy afeletti indul\u00f3t neveznek egy versenysz\u00e1mban. Ez semmik\u00e9pp sem klubonk\u00e9nt, hanem nemzetenk\u00e9nt \u00e9rtend\u0151. A zs\u0171rit biztos\u00edtani k\u00e9ptelen nemzetek versenyen megjelent k\u00e9pvisel\u0151i a szervez\u0151 egyes\u00fcletnek 50 EUR \u00f6sszeget k\u00f6telesek fizetni.<\/p>\n<h3>Sportorvos<\/h3>\n<p>A 18. \u00e9let\u00e9v\u00fcket m\u00e9g be nem t\u00f6lt\u00f6tt versenyz\u0151k r\u00e9sz\u00e9re a jogszab\u00e1lyok \u00e9rtelm\u00e9ben maxim\u00e1lisan hat h\u00f3napra \u00e9rv\u00e9nyes sportovosi alkalmass\u00e1gi igazol\u00e1s \u00e1ll\u00edthat\u00f3 ki.<br \/>\nA tags\u00e1gi k\u00f6nyvb\u0151l hi\u00e1nyz\u00f3, \u00e9rv\u00e9nytelen, lej\u00e1rt \u00e9rv\u00e9nyess\u00e9g\u0171 sportovosi igazol\u00e1ssal rendelkez\u0151 versenyz\u0151 versenyen nem ind\u00edthat\u00f3. A versenyrendez\u0151s\u00e9g nem fogadhat el sem a sz\u00fcl\u0151, sem az edz\u0151, sem a versenyen szolg\u00e1latot teljes\u00edt\u0151 ambul\u00e1ns orvos \u00e1ltal \u00edrt felel\u0151ss\u00e9gv\u00e1llal\u00f3 igazol\u00e1st, mivel a sportol\u00e1s alkalmass\u00e1g\u00e1t csak sportszakorvos \u00e1llap\u00edthatja meg a t\u00f6rv\u00e9nyben foglaltak szerint.<br \/>\nEmellett <span style=\"text-decoration: underline;\">a verseny f\u0151b\u00edr\u00e1it b\u00fcntet\u0151jogi felel\u0151ss\u00e9g terheli<\/span> b\u00e1rmilyen kimenetel\u0171 baleset eset\u00e9n, amelynek v\u00e1llal\u00e1s\u00e1ra \u00e9rtelemszer\u0171en nem k\u00f6telezhet\u0151k.<br \/>\nEz egy v\u00e9gtelen\u00fcl egyszer\u0171 jelens\u00e9g, nagyj\u00e1b\u00f3l, mint egy utaz\u00e1s:<br \/>\nVan jegye, besz\u00e1llhat, utazhat. Nincs jegye, nem sz\u00e1llhat be, nem utazhat.<br \/>\nVan \u00e9rv\u00e9nyes sportovosi igazol\u00e1sa, versenyezhet. Nincs \u00e9rv\u00e9nyes sportovosi igazol\u00e1sa, nem versenyezhet.<br \/>\nNincs de, nincs \u00e9s. Igen, vagy nem. K\u00e9rj\u00fck ennek meg\u00e9rt\u00e9s\u00e9t, elfogad\u00e1s\u00e1t.<\/p>\n<h3>Felszerel\u00e9s<\/h3>\n<p>A versenyz\u00e9shez sz\u00fcks\u00e9ges felszerel\u00e9sekkel kapcsolatosan a Magyar V\u00edv\u00f3 Sz\u00f6vets\u00e9g \u00e1ltal k\u00f6z\u00e9tett <a href=\"http:\/\/www.hunfencing.hu\/media\/uploads\/images\/users\/Hatarozatok\/felszerelesszabalyzat_19_2018_6.pdf\" target=\"_blank\" rel=\"noopener noreferrer\"><span style=\"color: #0000ff;\"><strong>K\u00f6telez\u0151en el\u0151\u00edrt felszerel\u00e9s szab\u00e1lyoz\u00e1s<\/strong><\/span><\/a> \u00e9rv\u00e9nyes az Olimpici P\u00e1rbajt\u0151r Grand Prix versenyein is.<\/p>\n","protected":false},"excerpt":{"rendered":"<p>AZ OLIMPICI VERSENYEK LEBONYOL\u00cdT\u00c1SI RENDJE Korcsoportok (a 2020\/2021-es id\u00e9nyben) t\u00f6rpici: aktu\u00e1lis \u00e9v janu\u00e1r 1-je ut\u00e1n t\u00f6ltik be 10. \u00e9let\u00e9v\u00fcket. (A 2010.01.01. ut\u00e1n sz\u00fcletettek) gyermek: aktu\u00e1lis \u00e9v janu\u00e1r 1-je ut\u00e1n t\u00f6ltik be 11-12. \u00e9let\u00e9v\u00fcket. (A 2008.01.01. \u00e9s 2008.12.31. k\u00f6z\u00f6tt sz\u00fcletettek) \u00fajonc: aktu\u00e1lis \u00e9v janu\u00e1r 1-je ut\u00e1n t\u00f6ltik be 13. \u00e9let\u00e9v\u00fcket. (A 2007.01.01. ut\u00e1n sz\u00fcletettek \u2013 2008.12.31-ig)&hellip;&nbsp;<a href=\"https:\/\/www.olimpici.hu\/?page_id=5\" class=\"\" rel=\"bookmark\">Read More &raquo;<span class=\"screen-reader-text\">Versenylebonyol\u00edt\u00e1s<\/span><\/a><\/p>\n","protected":false},"author":2,"featured_media":0,"parent":0,"menu_order":0,"comment_status":"closed","ping_status":"closed","template":"","meta":{"neve_meta_sidebar":"","neve_meta_container":"","neve_meta_enable_content_width":"","neve_meta_content_width":0,"neve_meta_title_alignment":"","neve_meta_author_avatar":"","neve_post_elements_order":"","neve_meta_disable_header":"","neve_meta_disable_footer":"","neve_meta_disable_title":"","footnotes":""},"_links":{"self":[{"href":"https:\/\/www.olimpici.hu\/index.php?rest_route=\/wp\/v2\/pages\/5"}],"collection":[{"href":"https:\/\/www.olimpici.hu\/index.php?rest_route=\/wp\/v2\/pages"}],"about":[{"href":"https:\/\/www.olimpici.hu\/index.php?rest_route=\/wp\/v2\/types\/page"}],"author":[{"embeddable":true,"href":"https:\/\/www.olimpici.hu\/index.php?rest_route=\/wp\/v2\/users\/2"}],"replies":[{"embeddable":true,"href":"https:\/\/www.olimpici.hu\/index.php?rest_route=%2Fwp%2Fv2%2Fcomments&post=5"}],"version-history":[{"count":62,"href":"https:\/\/www.olimpici.hu\/index.php?rest_route=\/wp\/v2\/pages\/5\/revisions"}],"predecessor-version":[{"id":6054,"href":"https:\/\/www.olimpici.hu\/index.php?rest_route=\/wp\/v2\/pages\/5\/revisions\/6054"}],"wp:attachment":[{"href":"https:\/\/www.olimpici.hu\/index.php?rest_route=%2Fwp%2Fv2%2Fmedia&parent=5"}],"curies":[{"name":"wp","href":"https:\/\/api.w.org\/{rel}","templated":true}]}}